{"version":"1.0","provider_name":"el perico","provider_url":"https:\/\/el-perico.com\/es\/","author_name":"El Perico Staff","author_url":"https:\/\/el-perico.com\/es\/author\/af6f1d62_admin\/","title":"Reclamos por tasa de desempleo han alcanzado cifras hist\u00f3ricas - el perico","type":"rich","width":600,"height":338,"html":"<blockquote class=\"wp-embedded-content\" data-secret=\"n8wpUeOa2s\"><a href=\"https:\/\/el-perico.com\/es\/desempleo_omaha_reclamos_cifras\/\">Reclamos por tasa de desempleo han alcanzado cifras hist\u00f3ricas<\/a><\/blockquote><iframe sandbox=\"allow-scripts\" security=\"restricted\" src=\"https:\/\/el-perico.com\/es\/desempleo_omaha_reclamos_cifras\/embed\/#?secret=n8wpUeOa2s\" width=\"600\" height=\"338\" title=\"\u00abReclamos por tasa de desempleo han alcanzado cifras hist\u00f3ricas\u00bb \u2014 el perico\" data-secret=\"n8wpUeOa2s\" frameborder=\"0\" marginwidth=\"0\" marginheight=\"0\" scrolling=\"no\" class=\"wp-embedded-content\"><\/iframe><script>\n\/*! This file is auto-generated *\/\n!function(d,l){\"use strict\";l.querySelector&&d.addEventListener&&\"undefined\"!=typeof URL&&(d.wp=d.wp||{},d.wp.receiveEmbedMessage||(d.wp.receiveEmbedMessage=function(e){var t=e.data;if((t||t.secret||t.message||t.value)&&!\/[^a-zA-Z0-9]\/.test(t.secret)){for(var s,r,n,a=l.querySelectorAll('iframe[data-secret=\"'+t.secret+'\"]'),o=l.querySelectorAll('blockquote[data-secret=\"'+t.secret+'\"]'),c=new RegExp(\"^https?:$\",\"i\"),i=0;i<o.length;i++)o[i].style.display=\"none\";for(i=0;i<a.length;i++)s=a[i],e.source===s.contentWindow&&(s.removeAttribute(\"style\"),\"height\"===t.message?(1e3<(r=parseInt(t.value,10))?r=1e3:~~r<200&&(r=200),s.height=r):\"link\"===t.message&&(r=new URL(s.getAttribute(\"src\")),n=new URL(t.value),c.test(n.protocol))&&n.host===r.host&&l.activeElement===s&&(d.top.location.href=t.value))}},d.addEventListener(\"message\",d.wp.receiveEmbedMessage,!1),l.addEventListener(\"DOMContentLoaded\",function(){for(var e,t,s=l.querySelectorAll(\"iframe.wp-embedded-content\"),r=0;r<s.length;r++)(t=(e=s[r]).getAttribute(\"data-secret\"))||(t=Math.random().toString(36).substring(2,12),e.src+=\"#?secret=\"+t,e.setAttribute(\"data-secret\",t)),e.contentWindow.postMessage({message:\"ready\",secret:t},\"*\")},!1)))}(window,document);\n\/\/# sourceURL=https:\/\/el-perico.com\/wp-includes\/js\/wp-embed.min.js\n<\/script>\n","thumbnail_url":null,"thumbnail_width":null,"thumbnail_height":null,"description":"Despu\u00e9s de conocer que las cifras por solicitudes de desempleos aumentado de dr\u00e1sticamente la semana pasada, los n\u00fameros de ahora muestran que la tendencia contin\u00faa. En Estados Unidos, 6.6 millones de personas han solicitado los beneficios de desempleo, el doble del n\u00famero de la semana pasada. En Nebraska, m\u00e1s de 25.000 se han declarado de [&hellip;]"}